{"version":"1.0","provider_name":"@Arhammar bokstavligen","provider_url":"https:\/\/www.arhammar.se\/blog","author_name":"Anders Arhammar","author_url":"https:\/\/www.arhammar.se\/blog\/author\/anders\/","title":"L\u00f6rdag den 15 januari 1916. P\u00e5 mig stod kjolen som en sky upp\u00e5t midjan ibland. - @Arhammar bokstavligen","type":"rich","width":600,"height":338,"html":"<blockquote class=\"wp-embedded-content\" data-secret=\"bGzsnap96L\"><a href=\"https:\/\/www.arhammar.se\/blog\/lordag-den-15-januari-1916\/\">L\u00f6rdag den 15 januari 1916. P\u00e5 mig stod kjolen som en sky upp\u00e5t midjan ibland.<\/a><\/blockquote><iframe sandbox=\"allow-scripts\" security=\"restricted\" src=\"https:\/\/www.arhammar.se\/blog\/lordag-den-15-januari-1916\/embed\/#?secret=bGzsnap96L\" width=\"600\" height=\"338\" title=\"&#8220;L\u00f6rdag den 15 januari 1916. P\u00e5 mig stod kjolen som en sky upp\u00e5t midjan ibland.&#8221; &#8212; @Arhammar bokstavligen\" data-secret=\"bGzsnap96L\" frameborder=\"0\" marginwidth=\"0\" marginheight=\"0\" scrolling=\"no\" class=\"wp-embedded-content\"><\/iframe><script type=\"text\/javascript\">\n\/* <![CDATA[ *\/\n\/*! This file is auto-generated *\/\n!function(d,l){\"use strict\";l.querySelector&&d.addEventListener&&\"undefined\"!=typeof URL&&(d.wp=d.wp||{},d.wp.receiveEmbedMessage||(d.wp.receiveEmbedMessage=function(e){var t=e.data;if((t||t.secret||t.message||t.value)&&!\/[^a-zA-Z0-9]\/.test(t.secret)){for(var s,r,n,a=l.querySelectorAll('iframe[data-secret=\"'+t.secret+'\"]'),o=l.querySelectorAll('blockquote[data-secret=\"'+t.secret+'\"]'),c=new RegExp(\"^https?:$\",\"i\"),i=0;i<o.length;i++)o[i].style.display=\"none\";for(i=0;i<a.length;i++)s=a[i],e.source===s.contentWindow&&(s.removeAttribute(\"style\"),\"height\"===t.message?(1e3<(r=parseInt(t.value,10))?r=1e3:~~r<200&&(r=200),s.height=r):\"link\"===t.message&&(r=new URL(s.getAttribute(\"src\")),n=new URL(t.value),c.test(n.protocol))&&n.host===r.host&&l.activeElement===s&&(d.top.location.href=t.value))}},d.addEventListener(\"message\",d.wp.receiveEmbedMessage,!1),l.addEventListener(\"DOMContentLoaded\",function(){for(var e,t,s=l.querySelectorAll(\"iframe.wp-embedded-content\"),r=0;r<s.length;r++)(t=(e=s[r]).getAttribute(\"data-secret\"))||(t=Math.random().toString(36).substring(2,12),e.src+=\"#?secret=\"+t,e.setAttribute(\"data-secret\",t)),e.contentWindow.postMessage({message:\"ready\",secret:t},\"*\")},!1)))}(window,document);\n\/\/# sourceURL=https:\/\/www.arhammar.se\/blog\/wp-includes\/js\/wp-embed.min.js\n\/* ]]> *\/\n<\/script>\n","thumbnail_url":"https:\/\/www.arhammar.se\/blog\/wp-content\/uploads\/2020\/01\/jan1916.jpg","thumbnail_width":640,"thumbnail_height":480,"description":"Oj- ett s\u00e5dant v\u00e4der! Fullkomlig sn\u00f6storm! Hela f\u00f6rmiddagen har det hulat och tjutit alldeles f\u00f6rf\u00e4rligt omkring mina f\u00f6nster h\u00e4r. Och luften har varit f\u00f6rm\u00f6rkad av virvlande sn\u00f6. Hulda \u00e4r p\u00e5 sjukhuset nu, s\u00e5 Hanna \u00e4r &#8220;ensamjungfru&#8221;. S\u00e5 jag t\u00e4nkte att jag idag skulle hj\u00e4lpa henne genom att st\u00e4da mitt rum sj\u00e4lv. Och det har jag [&hellip;]"}