{"version":"1.0","provider_name":"@Arhammar bokstavligen","provider_url":"https:\/\/www.arhammar.se\/blog","author_name":"Anders Arhammar","author_url":"https:\/\/www.arhammar.se\/blog\/author\/anders\/","title":"Fredag den 25 februari 1916. Skottdag. Och jag, som inte passade p\u00e5! - @Arhammar bokstavligen","type":"rich","width":600,"height":338,"html":"<blockquote class=\"wp-embedded-content\" data-secret=\"P4xxtMV6LJ\"><a href=\"https:\/\/www.arhammar.se\/blog\/fredag-den-25-februari-1916\/\">Fredag den 25 februari 1916. Skottdag. Och jag, som inte passade p\u00e5!<\/a><\/blockquote><iframe sandbox=\"allow-scripts\" security=\"restricted\" src=\"https:\/\/www.arhammar.se\/blog\/fredag-den-25-februari-1916\/embed\/#?secret=P4xxtMV6LJ\" width=\"600\" height=\"338\" title=\"&#8220;Fredag den 25 februari 1916. Skottdag. Och jag, som inte passade p\u00e5!&#8221; &#8212; @Arhammar bokstavligen\" data-secret=\"P4xxtMV6LJ\" frameborder=\"0\" marginwidth=\"0\" marginheight=\"0\" scrolling=\"no\" class=\"wp-embedded-content\"><\/iframe><script type=\"text\/javascript\">\n\/* <![CDATA[ *\/\n\/*! This file is auto-generated *\/\n!function(d,l){\"use strict\";l.querySelector&&d.addEventListener&&\"undefined\"!=typeof URL&&(d.wp=d.wp||{},d.wp.receiveEmbedMessage||(d.wp.receiveEmbedMessage=function(e){var t=e.data;if((t||t.secret||t.message||t.value)&&!\/[^a-zA-Z0-9]\/.test(t.secret)){for(var s,r,n,a=l.querySelectorAll('iframe[data-secret=\"'+t.secret+'\"]'),o=l.querySelectorAll('blockquote[data-secret=\"'+t.secret+'\"]'),c=new RegExp(\"^https?:$\",\"i\"),i=0;i<o.length;i++)o[i].style.display=\"none\";for(i=0;i<a.length;i++)s=a[i],e.source===s.contentWindow&&(s.removeAttribute(\"style\"),\"height\"===t.message?(1e3<(r=parseInt(t.value,10))?r=1e3:~~r<200&&(r=200),s.height=r):\"link\"===t.message&&(r=new URL(s.getAttribute(\"src\")),n=new URL(t.value),c.test(n.protocol))&&n.host===r.host&&l.activeElement===s&&(d.top.location.href=t.value))}},d.addEventListener(\"message\",d.wp.receiveEmbedMessage,!1),l.addEventListener(\"DOMContentLoaded\",function(){for(var e,t,s=l.querySelectorAll(\"iframe.wp-embedded-content\"),r=0;r<s.length;r++)(t=(e=s[r]).getAttribute(\"data-secret\"))||(t=Math.random().toString(36).substring(2,12),e.src+=\"#?secret=\"+t,e.setAttribute(\"data-secret\",t)),e.contentWindow.postMessage({message:\"ready\",secret:t},\"*\")},!1)))}(window,document);\n\/\/# sourceURL=https:\/\/www.arhammar.se\/blog\/wp-includes\/js\/wp-embed.min.js\n\/* ]]> *\/\n<\/script>\n","thumbnail_url":"https:\/\/www.arhammar.se\/blog\/wp-content\/uploads\/2020\/03\/dbcirkusadolfi.jpg","thumbnail_width":640,"thumbnail_height":480,"description":"Ja, ig\u00e5r var det skottdag. Och jag, som inte passade p\u00e5! Nu f\u00e5r jag v\u00e4l g\u00e5 till n\u00e4sta skottedag, om jag d\u00e5 lyckas knipa mej n\u00e5gon intet ont anande karlstackare. Oj, oj. Ig\u00e5r var R. och jag till Cirkus. Vi satt ju p\u00e5 de b\u00e4sta platserna och publiken var hygglig nog, men lokalen var verkligen [&hellip;]"}