{"version":"1.0","provider_name":"@Arhammar bokstavligen","provider_url":"https:\/\/www.arhammar.se\/blog","author_name":"Anders Arhammar","author_url":"https:\/\/www.arhammar.se\/blog\/author\/anders\/","title":"Den exakta vikten f\u00f6r Lufsens flickv\u00e4n sommaren 1947 - @Arhammar bokstavligen","type":"rich","width":600,"height":338,"html":"<blockquote class=\"wp-embedded-content\" data-secret=\"Ce21NDyCcW\"><a href=\"https:\/\/www.arhammar.se\/blog\/den-exakta-vikten-for-lufsens-flickvan-sommaren-1947\/\">Den exakta vikten f\u00f6r Lufsens flickv\u00e4n sommaren 1947<\/a><\/blockquote><iframe sandbox=\"allow-scripts\" security=\"restricted\" src=\"https:\/\/www.arhammar.se\/blog\/den-exakta-vikten-for-lufsens-flickvan-sommaren-1947\/embed\/#?secret=Ce21NDyCcW\" width=\"600\" height=\"338\" title=\"&#8220;Den exakta vikten f\u00f6r Lufsens flickv\u00e4n sommaren 1947&#8221; &#8212; @Arhammar bokstavligen\" data-secret=\"Ce21NDyCcW\" frameborder=\"0\" marginwidth=\"0\" marginheight=\"0\" scrolling=\"no\" class=\"wp-embedded-content\"><\/iframe><script type=\"text\/javascript\">\n\/* <![CDATA[ *\/\n\/*! This file is auto-generated *\/\n!function(d,l){\"use strict\";l.querySelector&&d.addEventListener&&\"undefined\"!=typeof URL&&(d.wp=d.wp||{},d.wp.receiveEmbedMessage||(d.wp.receiveEmbedMessage=function(e){var t=e.data;if((t||t.secret||t.message||t.value)&&!\/[^a-zA-Z0-9]\/.test(t.secret)){for(var s,r,n,a=l.querySelectorAll('iframe[data-secret=\"'+t.secret+'\"]'),o=l.querySelectorAll('blockquote[data-secret=\"'+t.secret+'\"]'),c=new RegExp(\"^https?:$\",\"i\"),i=0;i<o.length;i++)o[i].style.display=\"none\";for(i=0;i<a.length;i++)s=a[i],e.source===s.contentWindow&&(s.removeAttribute(\"style\"),\"height\"===t.message?(1e3<(r=parseInt(t.value,10))?r=1e3:~~r<200&&(r=200),s.height=r):\"link\"===t.message&&(r=new URL(s.getAttribute(\"src\")),n=new URL(t.value),c.test(n.protocol))&&n.host===r.host&&l.activeElement===s&&(d.top.location.href=t.value))}},d.addEventListener(\"message\",d.wp.receiveEmbedMessage,!1),l.addEventListener(\"DOMContentLoaded\",function(){for(var e,t,s=l.querySelectorAll(\"iframe.wp-embedded-content\"),r=0;r<s.length;r++)(t=(e=s[r]).getAttribute(\"data-secret\"))||(t=Math.random().toString(36).substring(2,12),e.src+=\"#?secret=\"+t,e.setAttribute(\"data-secret\",t)),e.contentWindow.postMessage({message:\"ready\",secret:t},\"*\")},!1)))}(window,document);\n\/\/# sourceURL=https:\/\/www.arhammar.se\/blog\/wp-includes\/js\/wp-embed.min.js\n\/* ]]> *\/\n<\/script>\n","thumbnail_url":"https:\/\/www.arhammar.se\/blog\/wp-content\/uploads\/2016\/01\/vikten.jpg","thumbnail_width":640,"thumbnail_height":587,"description":"Det \u00e4r den 28 juni 1947. N\u00e5gon g\u00e5r p\u00e5 Tegelbacken, det Tegelbacken som fanns en g\u00e5ng, och f\u00e5r syn p\u00e5 en av stadens offentliga v\u00e5gar. Jag har ett svagt minne att de var bruna. Man st\u00e5r stilla tills n\u00e5len p\u00e5 tavlan stannat, l\u00e4gger i ett mynt och ut kommer en viktbiljett i samma format som [&hellip;]"}